{"id":278,"date":"2019-06-17T20:34:24","date_gmt":"2019-06-17T19:34:24","guid":{"rendered":"http:\/\/vstabor.orlicemb.cz\/subdom\/vstabor\/?page_id=278"},"modified":"2021-01-09T14:32:52","modified_gmt":"2021-01-09T13:32:52","slug":"kde-budu-spat","status":"publish","type":"page","link":"https:\/\/vstabor.orlicemb.cz\/subdom\/vstabor\/kde-budu-spat\/","title":{"rendered":"Kde budu sp\u00e1t?"},"content":{"rendered":"<p>Jak vypad\u00e1 podsadov\u00fd stan?<\/p>\n<p><a href=\"http:\/\/vstabor.orlicemb.cz\/subdom\/vstabor\/wp-content\/uploads\/2016\/05\/DSC_0369.jpg\"><img decoding=\"async\" loading=\"lazy\" class=\"alignnone wp-image-92\" src=\"http:\/\/vstabor.orlicemb.cz\/subdom\/vstabor\/wp-content\/uploads\/2016\/05\/DSC_0369-300x200.jpg\" alt=\"\" width=\"527\" height=\"351\" srcset=\"https:\/\/vstabor.orlicemb.cz\/subdom\/vstabor\/wp-content\/uploads\/2016\/05\/DSC_0369-300x200.jpg 300w, https:\/\/vstabor.orlicemb.cz\/subdom\/vstabor\/wp-content\/uploads\/2016\/05\/DSC_0369-768x512.jpg 768w, https:\/\/vstabor.orlicemb.cz\/subdom\/vstabor\/wp-content\/uploads\/2016\/05\/DSC_0369-1024x683.jpg 1024w\" sizes=\"(max-width: 527px) 100vw, 527px\" \/><\/a><\/p>\n","protected":false},"excerpt":{"rendered":"<p>Jak vypad\u00e1 podsadov\u00fd stan?<\/p>\n","protected":false},"author":1,"featured_media":0,"parent":0,"menu_order":0,"comment_status":"closed","ping_status":"closed","template":"","meta":[],"_links":{"self":[{"href":"https:\/\/vstabor.orlicemb.cz\/subdom\/vstabor\/wp-json\/wp\/v2\/pages\/278"}],"collection":[{"href":"https:\/\/vstabor.orlicemb.cz\/subdom\/vstabor\/wp-json\/wp\/v2\/pages"}],"about":[{"href":"https:\/\/vstabor.orlicemb.cz\/subdom\/vstabor\/wp-json\/wp\/v2\/types\/page"}],"author":[{"embeddable":true,"href":"https:\/\/vstabor.orlicemb.cz\/subdom\/vstabor\/wp-json\/wp\/v2\/users\/1"}],"replies":[{"embeddable":true,"href":"https:\/\/vstabor.orlicemb.cz\/subdom\/vstabor\/wp-json\/wp\/v2\/comments?post=278"}],"version-history":[{"count":1,"href":"https:\/\/vstabor.orlicemb.cz\/subdom\/vstabor\/wp-json\/wp\/v2\/pages\/278\/revisions"}],"predecessor-version":[{"id":279,"href":"https:\/\/vstabor.orlicemb.cz\/subdom\/vstabor\/wp-json\/wp\/v2\/pages\/278\/revisions\/279"}],"wp:attachment":[{"href":"https:\/\/vstabor.orlicemb.cz\/subdom\/vstabor\/wp-json\/wp\/v2\/media?parent=278"}],"curies":[{"name":"wp","href":"https:\/\/api.w.org\/{rel}","templated":true}]}}